{"id":335,"date":"2017-11-23T17:19:15","date_gmt":"2017-11-23T16:19:15","guid":{"rendered":"http:\/\/mariepierre-terrien.com\/?page_id=335"},"modified":"2023-01-17T17:17:32","modified_gmt":"2023-01-17T16:17:32","slug":"richelieu","status":"publish","type":"page","link":"https:\/\/mariepierre-terrien.com\/index.php\/richelieu\/","title":{"rendered":"Richelieu"},"content":{"rendered":"\n<h4 class=\"wp-block-heading\"><strong><mark class=\"has-inline-color has-black-color\">Un programme ambitieux<\/mark><\/strong><\/h4>\n\n\n\n<figure class=\"wp-block-image size-full\"><img loading=\"lazy\" decoding=\"async\" width=\"1014\" height=\"678\" src=\"https:\/\/mariepierre-terrien.com\/wp-content\/uploads\/2022\/04\/Fig.-13-Copie.jpg\" alt=\"\" class=\"wp-image-8717\" srcset=\"https:\/\/mariepierre-terrien.com\/wp-content\/uploads\/2022\/04\/Fig.-13-Copie.jpg 1014w, https:\/\/mariepierre-terrien.com\/wp-content\/uploads\/2022\/04\/Fig.-13-Copie-300x201.jpg 300w, https:\/\/mariepierre-terrien.com\/wp-content\/uploads\/2022\/04\/Fig.-13-Copie-768x514.jpg 768w, https:\/\/mariepierre-terrien.com\/wp-content\/uploads\/2022\/04\/Fig.-13-Copie-350x234.jpg 350w\" sizes=\"auto, (max-width: 767px) 89vw, (max-width: 1000px) 54vw, (max-width: 1071px) 543px, 580px\" \/><figcaption class=\"wp-element-caption\">Richelieu, plan de Tassin, 17e si\u00e8cle (collection priv\u00e9e<\/figcaption><\/figure>\n\n\n\n<p>Au d\u00e9but du 17e si\u00e8cle s\u2019\u00e9levait dans le parc de Richelieu un ch\u00e2teau \u00e9difi\u00e9 par les anc\u00eatres du Cardinal en un lieu appel\u00e9 au Moyen Age <em>dives locus<\/em>, c\u2019est \u00e0 dire \u00ab riche lieu \u00bb, qui donnera son nom \u00e0 la famille du Plessis. Attach\u00e9 \u00e0 la maison familiale o\u00f9 il a pass\u00e9 une partie de son enfance, le cardinal de Richelieu d\u00e9cide vers 1625 de l\u2019agrandir. En effet, en 1624 il est entr\u00e9 au service du Roi et il devient bient\u00f4t son principal ministre. Son ascension politique le pousse \u00e0 un projet grandiose, capable de rivaliser avec les plus belles demeures de son \u00e9poque.<br><\/p>\n\n\n\n<figure class=\"wp-block-image size-large\"><img loading=\"lazy\" decoding=\"async\" width=\"1024\" height=\"683\" src=\"https:\/\/mariepierre-terrien.com\/wp-content\/uploads\/2022\/04\/Fig.-33-1024x683.jpg\" alt=\"\" class=\"wp-image-8719\" srcset=\"https:\/\/mariepierre-terrien.com\/wp-content\/uploads\/2022\/04\/Fig.-33-1024x683.jpg 1024w, https:\/\/mariepierre-terrien.com\/wp-content\/uploads\/2022\/04\/Fig.-33-300x200.jpg 300w, https:\/\/mariepierre-terrien.com\/wp-content\/uploads\/2022\/04\/Fig.-33-768x512.jpg 768w, https:\/\/mariepierre-terrien.com\/wp-content\/uploads\/2022\/04\/Fig.-33-1536x1024.jpg 1536w, https:\/\/mariepierre-terrien.com\/wp-content\/uploads\/2022\/04\/Fig.-33-2048x1365.jpg 2048w, https:\/\/mariepierre-terrien.com\/wp-content\/uploads\/2022\/04\/Fig.-33-350x233.jpg 350w\" sizes=\"auto, (max-width: 767px) 89vw, (max-width: 1000px) 54vw, (max-width: 1071px) 543px, 580px\" \/><figcaption class=\"wp-element-caption\">Richelieu, porte de Chinon (MP Terrien)<\/figcaption><\/figure>\n\n\n\n<p>Richelieu ne se contente pas d\u2019agrandir le ch\u00e2teau familial. Lors de la journ\u00e9e des dupes, le 10 novembre 1630, Louis XIII renouvelle sa confiance \u00e0 son ministre et \u00e9limine tous ses adversaires politiques. Au lendemain de cette journ\u00e9e d\u00e9cisive dans son parcours, Richelieu obtient du roi l\u2019autorisation de faire construire un \u00ab bourg clos de foss\u00e9s et de murailles \u00bb, en remerciement de ses nombreux services. La ville est fond\u00e9e <em>ex nihilo<\/em>, en bordure de la rivi\u00e8re du Mable. Les travaux avancent tr\u00e8s vite. En 1638, les rues sont trac\u00e9es, les halles, l\u2019\u00e9glise et l\u2019auditoire sont achev\u00e9s. C\u2019est un brillant architecte, Jacques Lemercier (vers 1585-1654) qui est charg\u00e9 du projet du Cardinal. Il deviendra l\u2019architecte officiel de Louis XIII. Son s\u00e9jour \u00e0 Rome, entre 1607 et 1614, finit de lui donner une solide formation. Il trace le plan de la ville, ses fr\u00e8res Pierre et Nicolas dirigent les travaux, tandis que le plan des maisons est dessin\u00e9 par l\u2019entrepreneur Jean Barbet.<br>Avec le ch\u00e2teau, la ville doit refl\u00e9ter la grandeur de la monarchie. Sa construction est favoris\u00e9e par Louis XIII. En effet, le roi participe \u00e0 son \u00e9dification en payant douze maisons qu\u2019il donne au Cardinal par lettres patentes du mois d\u2019octobre 1631.<\/p>\n\n\n<div class=\"wp-block-image\">\n<figure class=\"alignleft\"><img loading=\"lazy\" decoding=\"async\" width=\"1024\" height=\"570\" src=\"http:\/\/mariepierre-terrien.com\/wp-content\/uploads\/2017\/11\/3.-Richelieu-h\u00f4tels-particuliers-de-la-Grande-Rue-1-1024x570.jpg\" alt=\"\" class=\"wp-image-425\" srcset=\"https:\/\/mariepierre-terrien.com\/wp-content\/uploads\/2017\/11\/3.-Richelieu-h\u00f4tels-particuliers-de-la-Grande-Rue-1-1024x570.jpg 1024w, https:\/\/mariepierre-terrien.com\/wp-content\/uploads\/2017\/11\/3.-Richelieu-h\u00f4tels-particuliers-de-la-Grande-Rue-1-350x195.jpg 350w, https:\/\/mariepierre-terrien.com\/wp-content\/uploads\/2017\/11\/3.-Richelieu-h\u00f4tels-particuliers-de-la-Grande-Rue-1-300x167.jpg 300w, https:\/\/mariepierre-terrien.com\/wp-content\/uploads\/2017\/11\/3.-Richelieu-h\u00f4tels-particuliers-de-la-Grande-Rue-1-768x427.jpg 768w, https:\/\/mariepierre-terrien.com\/wp-content\/uploads\/2017\/11\/3.-Richelieu-h\u00f4tels-particuliers-de-la-Grande-Rue-1.jpg 1314w\" sizes=\"auto, (max-width: 767px) 89vw, (max-width: 1000px) 54vw, (max-width: 1071px) 543px, 580px\" \/><\/figure>\n<\/div>\n\n\n<p class=\"has-text-align-center\"><em>La Grande Rue de Richelieu, bord\u00e9e d&rsquo;h\u00f4tels particuliers <\/em><\/p>\n\n\n<div class=\"wp-block-image\">\n<figure class=\"aligncenter\"><img loading=\"lazy\" decoding=\"async\" width=\"250\" height=\"300\" src=\"http:\/\/mariepierre-terrien.com\/wp-content\/uploads\/2017\/11\/10.-2-250x300.jpg\" alt=\"\" class=\"wp-image-418\" srcset=\"https:\/\/mariepierre-terrien.com\/wp-content\/uploads\/2017\/11\/10.-2-250x300.jpg 250w, https:\/\/mariepierre-terrien.com\/wp-content\/uploads\/2017\/11\/10.-2-350x420.jpg 350w, https:\/\/mariepierre-terrien.com\/wp-content\/uploads\/2017\/11\/10.-2.jpg 732w\" sizes=\"auto, (max-width: 250px) 100vw, 250px\" \/><\/figure>\n<\/div>\n\n\n<p class=\"has-text-align-center\"> <em>H\u00f4tel particulier de la Grande Rue, 17e si\u00e8cle  (MP Terrien)&nbsp;<\/em><\/p>\n\n\n\n<p>La ville (environ 610 sur 380 m\u00e8tres) pr\u00e9sente des particularit\u00e9s qui la distinguent des mod\u00e8les urbains ant\u00e9rieurs ou contemporains. Elle s\u2019organise autour de deux places sym\u00e9triques, la place du March\u00e9 et la place des Religieuses, situ\u00e9es \u00e0 \u00e9gale distance de la rue Traversi\u00e8re. Au 17e si\u00e8cle, elles \u00e9taient nomm\u00e9es <em>Place Cardinale<\/em> et <em>Place Royale<\/em>. Ainsi, les deux fondements du pouvoir politique de la France, repr\u00e9sent\u00e9s par Louis XIII et son ministre, ont \u00e9t\u00e9 transpos\u00e9s dans le plan de la ville. Dans l\u2019axe principal orient\u00e9 nord-sud, la Grande Rue relie deux places carr\u00e9es. Elle est bord\u00e9e par vingt-huit h\u00f4tels tous identiques, r\u00e9serv\u00e9s aux notables qui soutenaient la politique de Louis XIII et de Richelieu.<\/p>\n\n\n\n<p><strong>Une ville dot\u00e9e de privil\u00e8ges et de fonctions urbaines<\/strong><br>Richelieu incite les habitants \u00e0 venir s&rsquo;installer dans sa ville nouvelle, par l\u2019annonce de nombreux privil\u00e8ges :<br>&#8211; des exemptions fiscales (la ville fut d\u00e9clar\u00e9e franche de taille et de gabelle),<br>&#8211; la cr\u00e9ation de deux march\u00e9s hebdomadaires et de quatre foires annuelles,<br>&#8211; un bien de premi\u00e8re n\u00e9cessit\u00e9, l\u2019eau. La ville est construite sur les bords du Mable. Par ailleurs, d\u00e8s sa fondation, la ville est approvisionn\u00e9e en eau potable gr\u00e2ce \u00e0 la fontaine de Bisseuil, situ\u00e9e \u00e0 proximit\u00e9 du ch\u00e2teau.<br>En 1634, Richelieu fait transf\u00e9rer dans sa ville le grenier \u00e0 sel de Loudun pour la perception de la gabelle, l\u2019\u00e9lection de Mirebeau pour la perception de la taille, ainsi que la justice, qui \u00e9tait auparavant sous la juridiction du si\u00e8ge royal de Saumur. La ville est dot\u00e9e d\u2019une Acad\u00e9mie, \u00e9tablissement r\u00e9serv\u00e9 aux jeunes nobles de la r\u00e9gion. L\u2019enseignement y est dispens\u00e9 en fran\u00e7ais. Relais&nbsp; de l\u2019Acad\u00e9mie Fran\u00e7aise, fond\u00e9e par Richelieu lui-m\u00eame en 1635, elle avait pour but de d\u00e9velopper la langue fran\u00e7aise. Louis XIII autorisa sa fondation par deux d\u00e9clarations de 1640 et la charge de l\u2019Acad\u00e9mie fut confi\u00e9e \u00e0 Nicolas Le Gras.<\/p>\n\n\n\n<p>L\u2019ensemble ville-ch\u00e2teau \u00e9tait r\u00e9gi par les m\u00eames r\u00e8gles architecturales. Il formait aussi un syst\u00e8me spatial indissociable : La cit\u00e9 fut construite pr\u00e8s du Mable, qui alimentait&nbsp; les douves, et elle \u00e9tait approvisionn\u00e9e en eau potable gr\u00e2ce \u00e0 la source de Bisseuil, situ\u00e9e \u00e0 proximit\u00e9 du ch\u00e2teau. Un r\u00e9seau hydraulique tr\u00e8s perfectionn\u00e9 traversait le parc avant d\u2019alimenter la ville..<\/p>\n\n\n\n<p>A la mort de Richelieu en 1642, qui serait tent\u00e9 en effet de venir habiter dans cette ville \u00e9loign\u00e9e de la capitale, situ\u00e9e au fin fond du Poitou, et priv\u00e9e de grands axes de communication ? Les notables veulent revendre les h\u00f4tels particuliers de la Grande Rue, mais ils valent tr\u00e8s cher et ne trouvent pas d&rsquo;acqu\u00e9reurs. Lors d\u2019un voyage qu\u2019il entreprend en 1663, La Fontaine \u00e9crit \u00e0 son \u00e9pouse qu\u2019\u00ab elle est d\u00e9sert\u00e9e petit \u00e0 petit \u00bb. Ce sont les familles de la r\u00e9gion qui vont enfin racheter \u00e0 la fin du 17e si\u00e8cle ces h\u00f4tels laiss\u00e9s \u00e0 l\u2019abandon pendant plusieurs d\u00e9cennies et vendus alors \u00e0 bas prix. Ils ne valent plus que deux mille livres, leur prix a \u00e9t\u00e9 divis\u00e9 par cinq&#8230;<\/p>\n\n\n<div class=\"wp-block-image\">\n<figure class=\"aligncenter\"><img loading=\"lazy\" decoding=\"async\" width=\"1415\" height=\"593\" src=\"http:\/\/mariepierre-terrien.com\/wp-content\/uploads\/2017\/11\/14.-ch\u00e2teau.jpg\" alt=\"\" class=\"wp-image-361\" srcset=\"https:\/\/mariepierre-terrien.com\/wp-content\/uploads\/2017\/11\/14.-ch\u00e2teau.jpg 1415w, https:\/\/mariepierre-terrien.com\/wp-content\/uploads\/2017\/11\/14.-ch\u00e2teau-350x147.jpg 350w, https:\/\/mariepierre-terrien.com\/wp-content\/uploads\/2017\/11\/14.-ch\u00e2teau-300x126.jpg 300w, https:\/\/mariepierre-terrien.com\/wp-content\/uploads\/2017\/11\/14.-ch\u00e2teau-768x322.jpg 768w, https:\/\/mariepierre-terrien.com\/wp-content\/uploads\/2017\/11\/14.-ch\u00e2teau-1024x429.jpg 1024w\" sizes=\"auto, (max-width: 767px) 89vw, (max-width: 1000px) 54vw, (max-width: 1071px) 543px, 580px\" \/><figcaption class=\"wp-element-caption\">Le ch\u00e2teau de Richelieu, Jean Marot, 17e si\u00e8cle<\/figcaption><\/figure>\n<\/div>\n\n\n<h4 class=\"wp-block-heading\"><mark class=\"has-inline-color has-black-color\">Richelieu au 18e si\u00e8cle<\/mark><\/h4>\n\n\n\n<p>Au 18e si\u00e8cle, plac\u00e9e sous la protection des ducs de Richelieu, la ville devient prosp\u00e8re. Son ch\u00e2teau est r\u00e9put\u00e9 dans toute l\u2019Europe. Les nombreux \u00e9trangers qui viennent l\u2019admirer s\u2019attardent dans la cit\u00e9 et en favorisent l\u2019activit\u00e9 \u00e9conomique. La cit\u00e9 du Cardinal conserve ses privil\u00e8ges. Sa population augmente et se diversifie. En 1795 seront recens\u00e9s 3194 habitants. Il y a un ensemble d&rsquo;habitants ais\u00e9s, compos\u00e9 du corps de la justice, des officiers de l\u2019\u00e9lection et de ceux du grenier \u00e0 sel. On exerce aussi la chirurgie, qui participe \u00e0 la sant\u00e9 publique, pr\u00e9occupation des \u00e9diles. La ville a par ailleurs un coll\u00e8ge, install\u00e9 dans l\u2019Ancienne Acad\u00e9mie.<br>Les \u00e9difices publics sont entretenus r\u00e9guli\u00e8rement. La ville conserve son mur d\u2019enceinte et voit son parcellaire se concentrer. L\u2019augmentation du nombre d\u2019habitants entra\u00eene une modification du paysage urbain. Les h\u00f4tels particuliers de la Grande Rue sont transform\u00e9s.<\/p>\n\n\n\n<p>Au milieu du 18e si\u00e8cle, on assiste \u00e0 un regain d\u2019int\u00e9r\u00eat pour le ch\u00e2teau de Richelieu, qui s\u2019explique par les nombreux travaux et embellissements r\u00e9alis\u00e9s \u00e0 l&rsquo;initiative de Louis-Fran\u00e7ois-Armand de Vignerot (1696-1788), troisi\u00e8me duc de Richelieu. Libertin, il a le go\u00fbt des Arts et des Lettres et s\u2019entoure comme son a\u00efeul des plus grands ma\u00eetres de son temps : Jacques de la Gu\u00e9pi\u00e8re, Jean-Michel Chevotet et Claude Desgaut. Entre 1720 et 1740, le ch\u00e2teau du Cardinal conna\u00eet gr\u00e2ce \u00e0 lui une v\u00e9ritable renaissance. Il est meubl\u00e9 et mis au go\u00fbt du si\u00e8cle des Lumi\u00e8res. Le troisi\u00e8me duc r\u00e9duit la grande galerie pour y installer un magnifique salon, qui lui rappelle les magnificences des demeures parisiennes. Le parc est \u00e9galement transform\u00e9, le duc de Richelieu veut y transposer les magnificences de Versailles et de Marly. Des bosquets, un labyrinthe et des parterres d&rsquo;eau embellissent les jardins de son a\u00efeul.<\/p>\n\n\n\n<p>Les embellissements r\u00e9alis\u00e9s au ch\u00e2teau de Richelieu au 18e si\u00e8cle sont bien connus, gr\u00e2ce la correspondance entre le troisi\u00e8me duc de Richelieu, Louis-Fran\u00e7ois Armand de Vignerot (1696-1788), son surintendant Jean Jahan (1677-1755), et l\u2019abb\u00e9 Jean-Baptiste de la Landelle (d\u00e9c\u00e9d\u00e9 en 1735), correspondance que nous avons analys\u00e9e et en partie publi\u00e9e (<em>Le ch\u00e2teau de Richelieu,<\/em> <em>XVII<sup>e<\/sup>-XVIII<sup>e<\/sup> si\u00e8cles<\/em>, Presses Universitaires de Rennes, 2009). Cette correspondance laisse un t\u00e9moignage contemporain exceptionnel sur le duc de Richelieu, tant pour les affaires nationales et internationales, que pour l\u2019histoire de sa propri\u00e9t\u00e9 en Touraine \u00e0 laquelle il \u00e9tait tr\u00e8s attach\u00e9. Ces lettres nous informent, avec une grande pr\u00e9cision chronologique, des transformations effectu\u00e9es dans le ch\u00e2teau de Richelieu, ainsi que de l\u2019am\u00e9nagement des jardins et du parc, entre 1720 et 1740. Elle nous apprend de quels soins le duc de Richelieu a entour\u00e9 ce ch\u00e2teau dont il a h\u00e9rit\u00e9. Ebloui par sa beaut\u00e9, il le transforma pour le mettre au go\u00fbt du jour. Contrairement au cardinal de Richelieu, qui n\u2019est venu qu\u2019une fois dans son magnifique palais, le mar\u00e9chal y r\u00e9sida \u00e0 plusieurs occasions, notamment \u00e0 partir de 1734, ann\u00e9e de son second mariage avec Elisabeth Sophie de Lorraine. Gr\u00e2ce \u00e0 cette correspondance, il est d\u00e9sormais possible de consid\u00e9rer la transformation du ch\u00e2teau de Richelieu \u00e0 l\u2019\u00e9poque des Lumi\u00e8res pour elle-m\u00eame, en tant que reflet de l\u2019expression artistique du XVIIIe si\u00e8cle.<\/p>\n\n\n\n<p>&nbsp;Le comte de C\u00e9ly, nomm\u00e9 mar\u00e9chal de camp en 1780, est un contemporain de Louis-Fran\u00e7ois-Armand de Vignerot du Plessis. En 1785, il fut re\u00e7u au ch\u00e2teau de Richelieu et nous a laiss\u00e9 un t\u00e9moignage in\u00e9dit, se composant d\u2019une courte notice accompagn\u00e9e de deux illustrations. Ces documents viennent compl\u00e9ter notre connaissance des transformations dont a b\u00e9n\u00e9fici\u00e9 le ch\u00e2teau de Richelieu au XVIII<sup>e<\/sup> si\u00e8cle et ce t\u00e9moignage souligne l\u2019importance du ch\u00e2teau de Richelieu dans l\u2019histoire du ch\u00e2teau fran\u00e7ais, en tant que reflet de l\u2019expression artistique du XVIII<sup>e<\/sup> si\u00e8cle. Le mod\u00e8le de r\u00e9f\u00e9rence \u00e9tait alors le ch\u00e2teau de Versailles et le duc a voulu des appartements semblables \u00e0 ceux de son parrain, le Roi Soleil. Les jardins devaient eux aussi imiter les magnificences de la c\u00e9l\u00e8bre demeure royale. C\u2019est ce qui a frapp\u00e9 notre visiteur (Marie-Pierre Terrien, \u00ab Le comte Eon de C\u00e9ly, t\u00e9moin des transformations r\u00e9alis\u00e9es dans le ch\u00e2teau de Richelieu au XVIIIe si\u00e8cle \u00bb,<em> Bulletin de la Soci\u00e9t\u00e9 d&rsquo;Histoire de Chinon<\/em>, 2015, p. 889-904).<\/p>\n\n\n<div class=\"wp-block-image\">\n<figure class=\"aligncenter\"><img decoding=\"async\" src=\"https:\/\/mariepierre-terrien.com\/wp-content\/uploads\/2019\/05\/Ch\u00e2teau-Richelieu-1785-1024x682.jpg\" alt=\"L\u2019attribut alt de cette image est vide, son nom de fichier est Ch\u00e2teau-Richelieu-1785-1024x682.jpg.\" \/><\/figure>\n<\/div>\n\n\n<p class=\"has-text-align-center\"><em>Le ch\u00e2teau de Richelieu en 1785, vu de l&rsquo;est, par Eon de C\u00e9ly (\u00a9 Louis d\u2019Astorg)<\/em><\/p>\n\n\n\n<h4 class=\"wp-block-heading\"><strong><mark class=\"has-inline-color has-black-color\">De la destruction du ch\u00e2teau \u00e0 nos jours<\/mark><\/strong><\/h4>\n\n\n\n<p>A la R\u00e9volution, une profonde c\u00e9sure survient dans le cours de l\u2019histoire de Richelieu. La ville perd ses privil\u00e8ges, d\u00e9sormais contraires aux nouveaux id\u00e9aux. Chef-lieu de canton, elle est simplement dot\u00e9e d\u2019une justice de paix, qui r\u00e9side dans une partie des locaux de l\u2019ancien auditoire, ainsi que d\u2019une maison de s\u00fbret\u00e9. Cette cit\u00e9 con\u00e7ue comme id\u00e9ale est d\u00e9sormais confront\u00e9e \u00e0 des conditions financi\u00e8res difficiles et \u00e0 de nombreux probl\u00e8mes, qui risquent de la rendre inhabitable. Elle n\u2019a pas les moyens d\u2019entretenir correctement ses \u00e9difices publics.<br>Autre source de probl\u00e8mes : les eaux stagnent dans les douves et occasionnent ces flux d\u2019air naus\u00e9abonds et malsains. En effet, les propri\u00e9taires de Richelieu y ont am\u00e9nag\u00e9 des jardins. Les petits murs de sout\u00e8nement se sont \u00e9croul\u00e9s dans les canaux et les foss\u00e9s sont devenus un marais fangeux&#8230; Une partie des habitants de Richelieu, les plus fortun\u00e9s, quittent la ville.<br>Sa parure monumentale a besoin d\u2019\u00eatre restaur\u00e9e. L\u2019ensemble ville-ch\u00e2teau, con\u00e7u comme un ensemble indissociable par son fondateur, est divis\u00e9 : la municipalit\u00e9 assiste impuissante \u00e0 la vente du ch\u00e2teau en 1805, puis \u00e0 sa destruction par son acqu\u00e9reur, Alexandre Bontron. Les collections du Cardinal de Richelieu sont dispers\u00e9es. Le parc lui-m\u00eame va \u00eatre d\u00e9coup\u00e9, suite \u00e0 de multiples transactions.<br>Lentement, la ville va pourtant se relever gr\u00e2ce \u00e0 de nombreuses initiatives. Dans les ann\u00e9es 1830, des \u00e9lus entreprenants et audacieux n\u2019h\u00e9sitent pas \u00e0 donner une v\u00e9ritable impulsion \u00e9conomique \u00e0 la ville , ce qui entra\u00eene d&rsquo;importantes modifications du paysage urbain. A partir de 1875, le parc est reconstitu\u00e9 gr\u00e2ce \u00e0 Michel Heine, banquier parisien, qui rach\u00e8te les diff\u00e9rentes parcelles pour son gendre, le septi\u00e8me duc de Richelieu.<\/p>\n\n\n\n<p>Au d\u00e9but du 20e si\u00e8cle, la cit\u00e9 du Cardinal devient un p\u00f4le commercial pour la r\u00e9gion. Les foires et des march\u00e9s y sont en progression constante. L\u2019installation du chemin de fer en 1884 contribue largement \u00e0 son d\u00e9veloppement. Dans les ann\u00e9es 1940, la ville compte plus de 180 boutiques. Toutefois, son patrimoine exceptionnel n\u2019a pas la place qu\u2019il m\u00e9rite. La deuxi\u00e8me moiti\u00e9 du 20e si\u00e8cle voit heureusement na\u00eetre une r\u00e9elle mobilisation pour r\u00e9habiliter ce chef d\u2019\u0153uvre d\u2019urbanisme. En 1965, la municipalit\u00e9 obtient la cr\u00e9ation d\u2019un secteur urbain sauvegard\u00e9. Il comprend la ville cr\u00e9\u00e9e par le Cardinal, y compris le mur d\u2019enceinte et les douves. L\u2019ensemble de sa parure monumentale est class\u00e9 Monument Historique.<\/p>\n\n\n<div class=\"wp-block-image\">\n<figure class=\"aligncenter size-large\"><img loading=\"lazy\" decoding=\"async\" width=\"1024\" height=\"683\" src=\"https:\/\/mariepierre-terrien.com\/wp-content\/uploads\/2022\/04\/Fig.-49-1024x683.jpg\" alt=\"\" class=\"wp-image-8718\" srcset=\"https:\/\/mariepierre-terrien.com\/wp-content\/uploads\/2022\/04\/Fig.-49-1024x683.jpg 1024w, https:\/\/mariepierre-terrien.com\/wp-content\/uploads\/2022\/04\/Fig.-49-300x200.jpg 300w, https:\/\/mariepierre-terrien.com\/wp-content\/uploads\/2022\/04\/Fig.-49-768x512.jpg 768w, https:\/\/mariepierre-terrien.com\/wp-content\/uploads\/2022\/04\/Fig.-49-1536x1024.jpg 1536w, https:\/\/mariepierre-terrien.com\/wp-content\/uploads\/2022\/04\/Fig.-49-2048x1365.jpg 2048w, https:\/\/mariepierre-terrien.com\/wp-content\/uploads\/2022\/04\/Fig.-49-350x233.jpg 350w\" sizes=\"auto, (max-width: 767px) 89vw, (max-width: 1000px) 54vw, (max-width: 1071px) 543px, 580px\" \/><\/figure>\n<\/div>\n\n\n<p class=\"has-text-align-center\"><em>La place du March\u00e9 r\u00e9am\u00e9nag\u00e9e, ancienne Place Cardinale<\/em> (clich\u00e9 MP Terrien)<\/p>\n\n\n\n<p>Aujourd\u2019hui, sa mise en valeur passe par de grands projets structurants, qui veulent souligner ce qui fait la sp\u00e9cificit\u00e9 de la ville. Ainsi, en 1986, l\u2019am\u00e9nagement de l\u2019actuelle place Louis XIII, o\u00f9 se tenait auparavant le march\u00e9 aux veaux, et les travaux de r\u00e9am\u00e9nagement de la place du March\u00e9, r\u00e9alis\u00e9s en 2006-2007, ont eu pour objectif de lui redonner son aspect d\u2019origine et r\u00e9habiliter ce mod\u00e8le d\u2019urbanisme du 17e si\u00e8cle.<\/p>\n\n\n\n<p> \u00a9 Marie-Pierre Terrien<\/p>\n\n\n\n<p><strong>Pour en savoir plus<\/strong> : Marie-Pierre Terrien, <em>Richelieu, histoire d&rsquo;une cit\u00e9 id\u00e9ale (1631-2011)<\/em>, Presses Universitaires de Rennes, 2011 et&nbsp; <em>Richelieu, Le cardinal-ministre, sa cit\u00e9 id\u00e9ale, son h\u00e9ritage, Editions La Simarre, <\/em>2021.<\/p>\n\n\n<div class=\"wp-block-image\">\n<figure class=\"aligncenter size-large is-resized\"><img loading=\"lazy\" decoding=\"async\" src=\"https:\/\/mariepierre-terrien.com\/wp-content\/uploads\/2022\/04\/Fig.-13-Copie-6-1024x899.jpg\" alt=\"\" class=\"wp-image-8758\" width=\"512\" height=\"450\" srcset=\"https:\/\/mariepierre-terrien.com\/wp-content\/uploads\/2022\/04\/Fig.-13-Copie-6-1024x899.jpg 1024w, https:\/\/mariepierre-terrien.com\/wp-content\/uploads\/2022\/04\/Fig.-13-Copie-6-300x263.jpg 300w, https:\/\/mariepierre-terrien.com\/wp-content\/uploads\/2022\/04\/Fig.-13-Copie-6-768x674.jpg 768w, https:\/\/mariepierre-terrien.com\/wp-content\/uploads\/2022\/04\/Fig.-13-Copie-6-350x307.jpg 350w, https:\/\/mariepierre-terrien.com\/wp-content\/uploads\/2022\/04\/Fig.-13-Copie-6.jpg 1030w\" sizes=\"auto, (max-width: 512px) 100vw, 512px\" \/><\/figure>\n<\/div>\n\n\n<p><\/p>\n","protected":false},"excerpt":{"rendered":"<p>Un programme ambitieux Au d\u00e9but du 17e si\u00e8cle s\u2019\u00e9levait dans le parc de Richelieu un ch\u00e2teau \u00e9difi\u00e9 par les anc\u00eatres du Cardinal en un lieu appel\u00e9 au Moyen Age dives locus, c\u2019est \u00e0 dire \u00ab riche lieu \u00bb, qui donnera son nom \u00e0 la famille du Plessis. Attach\u00e9 \u00e0 la maison familiale o\u00f9 il a &hellip; <\/p>\n<p class=\"link-more\"><a href=\"https:\/\/mariepierre-terrien.com\/index.php\/richelieu\/\" class=\"more-link\">Continuer la lecture<span class=\"screen-reader-text\"> de &laquo;&nbsp;Richelieu&nbsp;&raquo;<\/span><\/a><\/p>\n","protected":false},"author":2,"featured_media":0,"parent":0,"menu_order":0,"comment_status":"closed","ping_status":"closed","template":"","meta":{"footnotes":""},"class_list":["post-335","page","type-page","status-publish","hentry"],"_links":{"self":[{"href":"https:\/\/mariepierre-terrien.com\/index.php\/wp-json\/wp\/v2\/pages\/335","targetHints":{"allow":["GET"]}}],"collection":[{"href":"https:\/\/mariepierre-terrien.com\/index.php\/wp-json\/wp\/v2\/pages"}],"about":[{"href":"https:\/\/mariepierre-terrien.com\/index.php\/wp-json\/wp\/v2\/types\/page"}],"author":[{"embeddable":true,"href":"https:\/\/mariepierre-terrien.com\/index.php\/wp-json\/wp\/v2\/users\/2"}],"replies":[{"embeddable":true,"href":"https:\/\/mariepierre-terrien.com\/index.php\/wp-json\/wp\/v2\/comments?post=335"}],"version-history":[{"count":42,"href":"https:\/\/mariepierre-terrien.com\/index.php\/wp-json\/wp\/v2\/pages\/335\/revisions"}],"predecessor-version":[{"id":8839,"href":"https:\/\/mariepierre-terrien.com\/index.php\/wp-json\/wp\/v2\/pages\/335\/revisions\/8839"}],"wp:attachment":[{"href":"https:\/\/mariepierre-terrien.com\/index.php\/wp-json\/wp\/v2\/media?parent=335"}],"curies":[{"name":"wp","href":"https:\/\/api.w.org\/{rel}","templated":true}]}}